{"id":2360,"date":"2017-06-13T12:06:39","date_gmt":"2017-06-13T09:06:39","guid":{"rendered":"http:\/\/backlight.fi\/?page_id=2360"},"modified":"2017-09-06T11:34:04","modified_gmt":"2017-09-06T08:34:04","slug":"2017-portfolio-review","status":"publish","type":"page","link":"http:\/\/backlight.fi\/fi\/2017-exhibition\/2017-portfolio-review\/","title":{"rendered":"Portfolio Review"},"content":{"rendered":"<h4>Portfolio review at Backlight Photo Festival<\/h4>\n<p>September 9th 2017 in Tampere, Finland<\/p>\n<p>&nbsp;<\/p>\n<div class=\"row\"> <div class=\"col-md-4\">\n<p><strong>Backlight Photo Festival<\/strong> arranges portfolio review as part of the opening weekends program 9. September 2017.<\/p>\n<p>Portfolio review brings together photographers, artists and experts from the international field of photography. During the 20 minutes face-to-face meetings the participants can discuss and receive feedback on work on progress as well as present their completed series to representatives of festivals, galleries, museums and publications in an encouraging environment.<\/p>\n<p>After the portfolio review the participants are welcome to join the get-together evening of the 30th jubilee year of Backlight Photo Festival at Telakka, where the evening continues with announcement of the Portfolio Awards and togetherness with live music and dj.<\/p>\n<p>We can include around 30 participants to the portfolio review.<\/p>\n<p>Participation fee is 50\u20ac. The fee covers the review meetings and the festival pass including access to the Backlight exhibitions 9. -10. September 2017 and the get-together evening at Telakka.<\/p>\n<\/div><div class=\"col-md-4\">\n<p><strong>Awards:<\/strong><\/p>\n<p>Jelgavas Tipogr\u0101fija Book Award for Backlight 2017: Printing costs up to 1.500 Euros at\u00a0Jelgavas Tipogr\u0101fija, Latvia. Supported by\u00a0Jelgavas Tipogr\u0101fija.<\/p>\n<p>Backlight Exhibition Award: Exhibition at Backlight Photo Festival 2020<\/p>\n<p>Honorary Mention* to Young Nordic Photographer: Publication of the portfolio at KATALOG Journal of Photography and Video<\/p>\n<p>* The honorary mention is part of the collaboration 2017-2019 between Backlight, Landskrona Foto, Nordic Light and KATALOG supported by the Nordic Culture Fund.<\/p>\n<\/div><div class=\"col-md-4\">\n<p><strong>Application closed.<\/strong><\/p>\n<p><del><strong>How to apply:<\/strong><\/del><\/p>\n<p><del>Prepare a PDF-file including max. 15 images, your name and contacts, project description and a short CV (max A4) with an explanation why you would like to participate in the reviews.<\/del><\/p>\n<p>&nbsp;<\/p>\n<p><del>PLEASE NOTE!<\/del><\/p>\n<p><del>Name the PDF- file lastname.firstname_BL17Pf.pdf, maximum file size in total 3Mt.<\/del><\/p>\n<p><del>\u2013 Send the submission by email to portfolios.backlight [at] gmail.com by Monday JULY 31st 2017, the latest. We will inform the ones chosen for the reviews by August 9th 2017.<\/del><\/p>\n<p><del>After this date the participants will be able to place their requests on the reviewers they would primarily wish to discuss with during the review.<\/del><\/p>\n<\/div><\/div>\n<p>&nbsp;<\/p>\n<h5>Reviewing experts<\/h5>\n<div class=\"row\"> <div class=\"col-md-4\">\n<figure id=\"attachment_2511\" aria-describedby=\"caption-attachment-2511\" style=\"width: 300px\" class=\"wp-caption alignnone\"><img loading=\"lazy\" decoding=\"async\" class=\"size-medium wp-image-2511\" src=\"http:\/\/backlight.fi\/wp-content\/uploads\/2017\/07\/2017_review_bankale-300x298.jpg\" alt=\"\" width=\"300\" height=\"298\" srcset=\"https:\/\/backlight.fi\/wp-content\/uploads\/2017\/07\/2017_review_bankale-300x298.jpg 300w, https:\/\/backlight.fi\/wp-content\/uploads\/2017\/07\/2017_review_bankale-150x150.jpg 150w, https:\/\/backlight.fi\/wp-content\/uploads\/2017\/07\/2017_review_bankale-60x60.jpg 60w, https:\/\/backlight.fi\/wp-content\/uploads\/2017\/07\/2017_review_bankale.jpg 659w\" sizes=\"auto, (max-width: 300px) 100vw, 300px\" \/><figcaption id=\"caption-attachment-2511\" class=\"wp-caption-text\">Dr Sheyi Bankale<\/figcaption><\/figure>\n<p style=\"text-align: left;\"><b>Dr Sheyi Bankale (UK)<\/b> is Curator of Next Level Projects and Editor of Next Level magazine. Next Level is one of Europe\u2019s seminal art photography magazines with a dynamic mix of photography as contemporary art. It aims to bring awareness and debate to contemporary culture, showcasing and celebrating artists, across various disciplines and alongside inspiring, provocative and critical writing. Sheyi Bankale\u2019s wealth of experience is well received and he frequently acts as panelist, judge and nominator for The Art Foundation, The Prix Pictet and facilitates the acquisition of photo art works for international museums, art collectors and private clients. Sheyi Bankale is renowned for his curatorial work in recent years at Next Level Projects while curating an extensive touring exhibition on contemporary photography, \u2018Alice in Wonderland\u2019, for the European City of Culture 2011. As well as Guest Curator for Saatchi Art\u2019s Special Guest Curator Programme.<\/p>\n<\/div><div class=\"col-md-4\">\n<figure id=\"attachment_2498\" aria-describedby=\"caption-attachment-2498\" style=\"width: 300px\" class=\"wp-caption alignnone\"><img loading=\"lazy\" decoding=\"async\" class=\"size-medium wp-image-2498\" src=\"http:\/\/backlight.fi\/wp-content\/uploads\/2017\/07\/2017_review_breindl-300x300.jpg\" alt=\"\" width=\"300\" height=\"300\" srcset=\"https:\/\/backlight.fi\/wp-content\/uploads\/2017\/07\/2017_review_breindl-300x300.jpg 300w, https:\/\/backlight.fi\/wp-content\/uploads\/2017\/07\/2017_review_breindl-150x150.jpg 150w, https:\/\/backlight.fi\/wp-content\/uploads\/2017\/07\/2017_review_breindl-768x768.jpg 768w, https:\/\/backlight.fi\/wp-content\/uploads\/2017\/07\/2017_review_breindl-60x60.jpg 60w, https:\/\/backlight.fi\/wp-content\/uploads\/2017\/07\/2017_review_breindl.jpg 1000w\" sizes=\"auto, (max-width: 300px) 100vw, 300px\" \/><figcaption id=\"caption-attachment-2498\" class=\"wp-caption-text\">Martin Breindl. Photo: Anna Fabricius<\/figcaption><\/figure>\n<p><b>Martin Breindl (AT) <\/b>\u00a0is a media artist, theoretician and curator. He is the founder of <i>alien productions<\/i> (in collaboration with Andrea Sodomka, Norbert Math and August Black), an artists&#8217; network for works in new technology and media. He works in the fields of media-performance, installation, net.art, radio art, sound art, video art, photography and visual arts. He has realised projects on the occasion of many festivals, symposia, exhibitions and concerts all over the world.<\/p>\n<p>Since 2001 Martin Breindl is one of the curators of <i>FLUSS \u2013 society for the promotion of photo- and media art<\/i>, based in Wolkersdorf, Austria. He was also \u00a0the co-curator for Backlight Photo Festival from 2005 to 2008 in Tampere. He has held several lectures, workshops and portfolio readings in the US, Russia, japan and Europe.<\/p>\n<\/div>\n<div class=\"col-md-4\">\n<figure id=\"attachment_2499\" aria-describedby=\"caption-attachment-2499\" style=\"width: 300px\" class=\"wp-caption alignnone\"><img loading=\"lazy\" decoding=\"async\" class=\"size-medium wp-image-2499\" src=\"http:\/\/backlight.fi\/wp-content\/uploads\/2017\/07\/2017_review_drake-300x300.jpg\" alt=\"\" width=\"300\" height=\"300\" srcset=\"https:\/\/backlight.fi\/wp-content\/uploads\/2017\/07\/2017_review_drake-300x300.jpg 300w, https:\/\/backlight.fi\/wp-content\/uploads\/2017\/07\/2017_review_drake-150x150.jpg 150w, https:\/\/backlight.fi\/wp-content\/uploads\/2017\/07\/2017_review_drake-768x770.jpg 768w, https:\/\/backlight.fi\/wp-content\/uploads\/2017\/07\/2017_review_drake-60x60.jpg 60w, https:\/\/backlight.fi\/wp-content\/uploads\/2017\/07\/2017_review_drake.jpg 1000w\" sizes=\"auto, (max-width: 300px) 100vw, 300px\" \/><figcaption id=\"caption-attachment-2499\" class=\"wp-caption-text\">David Drake<\/figcaption><\/figure>\n<p><b>David Drake (UK)<\/b> is the Director of Ffotogallery, the national development agency for photography and lens-based media in Wales. Ffotogallery\u2019s work is outward looking, with an exhibition and publishing programme featuring artists from the UK and the rest of the world. Ffotogallery widens its range of influence through gallery presentations and touring exhibitions, print and online publishing, collaborations with other organisations and galleries, artist commissions and residencies, and an extensive education programme. \u00a0He initiated and is the current Director of the large-scale biennial event Diffusion &#8211; Cardiff International Festival of Photography, which has completed three editions. He was Project Director for Wales in Venice, the Wales\u2019 Pavilion at the Venice Biennale 56th International Art Exhibition 2015.Ffotogallery is the lead agency for a pan-European co-operation project called European Prospects.<\/p>\n<\/div>\n<\/div>\n<p>&nbsp;<\/p>\n<div class=\"row\"> <div class=\"col-md-4\">\n<figure id=\"attachment_2500\" aria-describedby=\"caption-attachment-2500\" style=\"width: 284px\" class=\"wp-caption alignnone\"><img loading=\"lazy\" decoding=\"async\" class=\"size-medium wp-image-2500\" src=\"http:\/\/backlight.fi\/wp-content\/uploads\/2017\/07\/2017_review_dudareva-284x300.jpg\" alt=\"\" width=\"284\" height=\"300\" srcset=\"https:\/\/backlight.fi\/wp-content\/uploads\/2017\/07\/2017_review_dudareva-284x300.jpg 284w, https:\/\/backlight.fi\/wp-content\/uploads\/2017\/07\/2017_review_dudareva-768x812.jpg 768w, https:\/\/backlight.fi\/wp-content\/uploads\/2017\/07\/2017_review_dudareva-968x1024.jpg 968w, https:\/\/backlight.fi\/wp-content\/uploads\/2017\/07\/2017_review_dudareva.jpg 1200w\" sizes=\"auto, (max-width: 284px) 100vw, 284px\" \/><figcaption id=\"caption-attachment-2500\" class=\"wp-caption-text\">Maira Dudareva<\/figcaption><\/figure>\n<p><b>Maira Dudareva (LV)<\/b>, the head of the Latvian Museum of Photography has a long running experience in photography. She worked as head of photo archive of the main Latvian daily newspaper \u201cDiena\u201d (1999 \u2013 2008), head of \u201cDiena\u201d photo department (1998 \u2013 1999) and as photoreporter for several Latvian newspapers (1992 \u2013 1998). She did her MA research on digital photography indexation at the Faculty of Social Sciences of the University of Latvia, where she is currently enrolled in the doctoral program. She is \u00a0a curator,lecturer \u00a0in Latvia Culture College and portfolio reviewer \u00a0\u00a0at Kaunas PhotoStar festival in 2011, 2012, 2013, 2014, 2016 in Bratislava Photo Month 2012, in ISSP 2012, 2013, 2014, Riga Photo Month 2014, and Lodz \u00a0Fotofestiwal ,Photolux Festival 2015.<\/p>\n<\/div><div class=\"col-md-4\">\n<figure id=\"attachment_2501\" aria-describedby=\"caption-attachment-2501\" style=\"width: 300px\" class=\"wp-caption alignnone\"><img loading=\"lazy\" decoding=\"async\" class=\"size-medium wp-image-2501\" src=\"http:\/\/backlight.fi\/wp-content\/uploads\/2017\/07\/2017_review_faarinen_rauhala-300x300.jpg\" alt=\"\" width=\"300\" height=\"300\" srcset=\"https:\/\/backlight.fi\/wp-content\/uploads\/2017\/07\/2017_review_faarinen_rauhala-300x300.jpg 300w, https:\/\/backlight.fi\/wp-content\/uploads\/2017\/07\/2017_review_faarinen_rauhala-150x150.jpg 150w, https:\/\/backlight.fi\/wp-content\/uploads\/2017\/07\/2017_review_faarinen_rauhala-768x768.jpg 768w, https:\/\/backlight.fi\/wp-content\/uploads\/2017\/07\/2017_review_faarinen_rauhala-60x60.jpg 60w, https:\/\/backlight.fi\/wp-content\/uploads\/2017\/07\/2017_review_faarinen_rauhala.jpg 1000w\" sizes=\"auto, (max-width: 300px) 100vw, 300px\" \/><figcaption id=\"caption-attachment-2501\" class=\"wp-caption-text\">Maria Faarinen &amp; Tiina Rauhala<\/figcaption><\/figure>\n<p><b>Maria Faarinen (FI) <\/b>works as Curator and<b> Tiina Rauhala (FI) <\/b>works as Chief Curator at The Finnish Museum of Photography.<\/p>\n<p>The Finnish Museum of Photography is one of the leading and oldest photography museum\u2019s in Europe. Through exhibitions, collection management and research, the museum strives to promote and foster photographic art and culture in Finland. The museum\u2019s exhibitions cover Finnish and international contemporary photography, as well as the diverse history of the craft. Along with the museum\u2019s main exhibitions Rauhala and Faarinen are responsible for the museum gallery\u2019s program for the emerging photographers.<\/p>\n<p>Rauhala is also co-founder of The Festival of Political Photography, which examines ways of influencing with photographs and seeks to define what the word \u2018political\u2019 means in contemporary photographic practices.<\/p>\n<\/div><div class=\"col-md-4\">\n<figure id=\"attachment_2507\" aria-describedby=\"caption-attachment-2507\" style=\"width: 316px\" class=\"wp-caption alignnone\"><img loading=\"lazy\" decoding=\"async\" class=\"wp-image-2507\" src=\"http:\/\/backlight.fi\/wp-content\/uploads\/2017\/07\/2017_review_erdmann-300x285.jpg\" alt=\"\" width=\"316\" height=\"300\" srcset=\"https:\/\/backlight.fi\/wp-content\/uploads\/2017\/07\/2017_review_erdmann-300x285.jpg 300w, https:\/\/backlight.fi\/wp-content\/uploads\/2017\/07\/2017_review_erdmann-768x730.jpg 768w, https:\/\/backlight.fi\/wp-content\/uploads\/2017\/07\/2017_review_erdmann-1024x973.jpg 1024w, https:\/\/backlight.fi\/wp-content\/uploads\/2017\/07\/2017_review_erdmann.jpg 1161w\" sizes=\"auto, (max-width: 316px) 100vw, 316px\" \/><figcaption id=\"caption-attachment-2507\" class=\"wp-caption-text\">Carla Erdmann<\/figcaption><\/figure>\n<p><strong>Carla Erdmann (DE)<\/strong>, studied German Literature, American Studies and Media Sociology at Goethe-University in Frankfurt am Main. Erdmann works \u00a0as a freelance journalist since the early 1990s. She specializes in photography since 2002 and publish\u00b4s bilingually in high class photography magazines.<\/p>\n<p>Between 2002 and 2004 Erdmann worked with Bilderberg Agentur der Fotografen. Since 2003 until now editor of renowned German photography magazine Leica Fotografie International (LFI), S Magazin und M Magazin. She publishes regularly portfolio and \u00a0exhibition texts, online news on the photographic scene, incl. Photo editing. Since 2012 she has her own rubric in the LFI \u201cTalking With\u201c where she publishes extended interviews with key characters of the international photography scene. She works with gute aussichten platform for new German talent and writes texts for the exhibition catalogues.<\/p>\n<\/div><\/div>\n<p>&nbsp;<\/p>\n<div class=\"row\"> <div class=\"col-md-4\">\n<figure id=\"attachment_2502\" aria-describedby=\"caption-attachment-2502\" style=\"width: 295px\" class=\"wp-caption alignnone\"><img loading=\"lazy\" decoding=\"async\" class=\"size-medium wp-image-2502\" src=\"http:\/\/backlight.fi\/wp-content\/uploads\/2017\/07\/2017_review_polikanov-295x300.jpg\" alt=\"Andrei Polikanov. Photo: Robert Stevens\" width=\"295\" height=\"300\" srcset=\"https:\/\/backlight.fi\/wp-content\/uploads\/2017\/07\/2017_review_polikanov-295x300.jpg 295w, https:\/\/backlight.fi\/wp-content\/uploads\/2017\/07\/2017_review_polikanov-768x782.jpg 768w, https:\/\/backlight.fi\/wp-content\/uploads\/2017\/07\/2017_review_polikanov-60x60.jpg 60w, https:\/\/backlight.fi\/wp-content\/uploads\/2017\/07\/2017_review_polikanov.jpg 949w\" sizes=\"auto, (max-width: 295px) 100vw, 295px\" \/><figcaption id=\"caption-attachment-2502\" class=\"wp-caption-text\">Andrei Polikanov. Photo: Robert Stevens<\/figcaption><\/figure>\n<p><strong>Andrei Polikanov (RU)<\/strong> is the Visual Director at Takie Dela online media, Russia since 2015. Polikanov worked as a fixer and stringer with Anthony Suau, Christopher Morris, Stanley Greene and other prominent international photojournalists, producing stories for such major international publications as Time, The New York Times Magazine, Stern, Focus, Spiegel and Paris Match on events in the former USSR territories.<\/p>\n<p>From 1996 until 2007 he worked as a photo editor at Time magazine\u2019s Moscow bureau, director of photography at Russian Reporter magazine from 2007 to 2015. Polikanov is a member of various national and international photo contest juries and a member of the Joop Swart Masterclass independent selection \u00a0committee. He has taught numerous workshops on photojournalism, both in Russia and worldwide, since 2005. These include being a mentor at the Open Society Institute Documentary Photography Project Grantee Workshop, a mentor at the World Press Photo educational project in the Caucasus and in Angola, a Consultant at The International Center for Journalists.<\/p>\n<\/div><div class=\"col-md-4\">\n<figure id=\"attachment_2503\" aria-describedby=\"caption-attachment-2503\" style=\"width: 283px\" class=\"wp-caption alignnone\"><img loading=\"lazy\" decoding=\"async\" class=\"size-medium wp-image-2503\" src=\"http:\/\/backlight.fi\/wp-content\/uploads\/2017\/07\/2017_review_raisanen-283x300.jpg\" alt=\"\" width=\"283\" height=\"300\" srcset=\"https:\/\/backlight.fi\/wp-content\/uploads\/2017\/07\/2017_review_raisanen-283x300.jpg 283w, https:\/\/backlight.fi\/wp-content\/uploads\/2017\/07\/2017_review_raisanen-768x813.jpg 768w, https:\/\/backlight.fi\/wp-content\/uploads\/2017\/07\/2017_review_raisanen-967x1024.jpg 967w, https:\/\/backlight.fi\/wp-content\/uploads\/2017\/07\/2017_review_raisanen.jpg 1000w\" sizes=\"auto, (max-width: 283px) 100vw, 283px\" \/><figcaption id=\"caption-attachment-2503\" class=\"wp-caption-text\">Alla R\u00e4is\u00e4nen<\/figcaption><\/figure>\n<p><strong>Alla R\u00e4is\u00e4nen (FI)<\/strong>, curator and director of Northern Photographic Centre in Oulu. R\u00e4is\u00e4nen has been working as the director and curator of Northern Photographic Centre since 1999. Northern Photographic Centre is the northernmost photographic centre in Finland and it is specialized on contemporary photography. Alla R\u00e4is\u00e4nen has \u00a0a PhD in the history of ideas and have a special interest on Arctic and Northern issues as well \u201cnorthern photography\u201d. R\u00e4is\u00e4nen has curated several international exhibitions both in Finland and abroad.<\/p>\n<\/div><div class=\"col-md-4\">\n<figure id=\"attachment_2617\" aria-describedby=\"caption-attachment-2617\" style=\"width: 300px\" class=\"wp-caption alignnone\"><img loading=\"lazy\" decoding=\"async\" class=\"wp-image-2617 size-medium\" src=\"http:\/\/backlight.fi\/wp-content\/uploads\/2017\/06\/JuusoBacklightbw-1-300x300.jpg\" alt=\"\" width=\"300\" height=\"300\" srcset=\"https:\/\/backlight.fi\/wp-content\/uploads\/2017\/06\/JuusoBacklightbw-1-300x300.jpg 300w, https:\/\/backlight.fi\/wp-content\/uploads\/2017\/06\/JuusoBacklightbw-1-150x150.jpg 150w, https:\/\/backlight.fi\/wp-content\/uploads\/2017\/06\/JuusoBacklightbw-1-768x769.jpg 768w, https:\/\/backlight.fi\/wp-content\/uploads\/2017\/06\/JuusoBacklightbw-1-60x60.jpg 60w, https:\/\/backlight.fi\/wp-content\/uploads\/2017\/06\/JuusoBacklightbw-1.jpg 1000w\" sizes=\"auto, (max-width: 300px) 100vw, 300px\" \/><figcaption id=\"caption-attachment-2617\" class=\"wp-caption-text\">Juuso Westerlund<\/figcaption><\/figure>\n<p><strong>Juuso Westerlund (FI)<\/strong> is photographer and a documentarist. He works for various International magazines and institutions, lectures and teaches in documentary workshops. Juuso Westerlund has taken part in a number of national and international art and photography shows and has also held a number of solo exhibitions. He is a member of a Nordic photo collective Moment Agency and is represented by the Institute Artists.<\/p>\n<\/div><\/div>\n<p>&nbsp;<\/p>\n<div class=\"row\"><\/div> <div class=\"col-md-4\">\n<figure id=\"attachment_2504\" aria-describedby=\"caption-attachment-2504\" style=\"width: 284px\" class=\"wp-caption alignnone\"><img loading=\"lazy\" decoding=\"async\" class=\"wp-image-2504\" src=\"http:\/\/backlight.fi\/wp-content\/uploads\/2017\/07\/2017_review_siitari-284x300.jpg\" alt=\"\" width=\"284\" height=\"300\" srcset=\"https:\/\/backlight.fi\/wp-content\/uploads\/2017\/07\/2017_review_siitari-284x300.jpg 284w, https:\/\/backlight.fi\/wp-content\/uploads\/2017\/07\/2017_review_siitari-768x812.jpg 768w, https:\/\/backlight.fi\/wp-content\/uploads\/2017\/07\/2017_review_siitari-969x1024.jpg 969w, https:\/\/backlight.fi\/wp-content\/uploads\/2017\/07\/2017_review_siitari.jpg 1000w\" sizes=\"auto, (max-width: 284px) 100vw, 284px\" \/><figcaption id=\"caption-attachment-2504\" class=\"wp-caption-text\">Pirkko Siitari<\/figcaption><\/figure>\n<p><strong>Pirkko Siitari (FI)<\/strong> is currently working as an acting Head of Exhibitions at HAM Helsinki Art Museum. She works also as General Secretary of Ars Fennica Foundation. She is the former director Kiasma Museum of Contemporary Art (2010-2015) where she also worked as a chief curator 2008-2010. In the years 2004-2008 she was the director of Kerava Art Museum and 1999-2004 she worked as the chief curator of Finnish Museum of Photography in Helsinki. In the 90`s she worked as the director of Northern Photographic Centre in Oulu for nine years.<\/p>\n<p>Her many curatorial projects include for example Tom of Finland (Kunsthalle Helsinki 2016) Robert Mapplethorpe (Kiasma 2015), Alfredo Jaar (Kiasma 2014), ARS11 Africa in Contemporary Art (Kiasma 2011), Common Things \u2013 Finnish and Swedish Contemporary Art (Kiasma 2010), Tracking Traces, Kiasma collection exhibition (Kiasma 2009), It`s a Set Up, Kiasma collection exhibition (Kiasma 2010) Black and White \u2013 Japanese Photography (Ateneum Art Museum 2008).<\/p>\n<\/div><div class=\"col-md-4\">\n<figure id=\"attachment_2505\" aria-describedby=\"caption-attachment-2505\" style=\"width: 300px\" class=\"wp-caption alignnone\"><img loading=\"lazy\" decoding=\"async\" class=\"size-medium wp-image-2505\" src=\"http:\/\/backlight.fi\/wp-content\/uploads\/2017\/07\/2017_review_stefanelli-300x300.jpg\" alt=\"\" width=\"300\" height=\"300\" srcset=\"https:\/\/backlight.fi\/wp-content\/uploads\/2017\/07\/2017_review_stefanelli-300x300.jpg 300w, https:\/\/backlight.fi\/wp-content\/uploads\/2017\/07\/2017_review_stefanelli-150x150.jpg 150w, https:\/\/backlight.fi\/wp-content\/uploads\/2017\/07\/2017_review_stefanelli-768x768.jpg 768w, https:\/\/backlight.fi\/wp-content\/uploads\/2017\/07\/2017_review_stefanelli-60x60.jpg 60w, https:\/\/backlight.fi\/wp-content\/uploads\/2017\/07\/2017_review_stefanelli.jpg 1000w\" sizes=\"auto, (max-width: 300px) 100vw, 300px\" \/><figcaption id=\"caption-attachment-2505\" class=\"wp-caption-text\">Enrico Stefanelli. Photo: Andrea Boccalini<\/figcaption><\/figure>\n<p><b>Enrico Stefanelli (IT) <\/b>is a photographer, journalist and \u00a0a curator and he teaches photography in workshops. He is the founder and, for 7 years, the artistic director of the international festival of photography and video art \u201cLucca Photo Fest\u201d and currently the founder and artistic director of Photolux Festival the biennial of photography in Lucca. He has has curated several exhibitions at the Lucca Photo Fest among them 2008 and in 2010 Tim Hetherington \u201cBattle Company\u201d, Jan Saudek \u201cIl Teatro Della Vi ta\u201d, Michel Comte \u201cNot only Women\u201d, Horst P. Horst and, in 2011, Li Wei \u201cLi Wei: Photography\u201d, Wang Qinsong \u201cThe glorious life. Wang Quinsong\u2019s photography 1999-2010\u201d,Boris Mikhailov \u201cReconstruction\u201d, Bettina Rheims \u201cI.N.R.I.\u201d, Andres Serrano \u201cSacred and Profane\u201d, Stanley Greene \u201cHaiti\u201d, David Douglas Duncan \u201cThis is Picasso\u201d and many others. Since 2010 Stefanelli is the Italian curator of Epea, European Photo Exhibition Award. \u00a0He has written articles and contributions on photography for several catalogs, books and magazines.<\/p>\n<\/div><div class=\"col-md-4\">\n<figure id=\"attachment_2506\" aria-describedby=\"caption-attachment-2506\" style=\"width: 327px\" class=\"wp-caption alignnone\"><img loading=\"lazy\" decoding=\"async\" class=\"wp-image-2506\" src=\"http:\/\/backlight.fi\/wp-content\/uploads\/2017\/07\/2017_review_yelo-300x275.jpg\" alt=\"\" width=\"327\" height=\"300\" srcset=\"https:\/\/backlight.fi\/wp-content\/uploads\/2017\/07\/2017_review_yelo-300x275.jpg 300w, https:\/\/backlight.fi\/wp-content\/uploads\/2017\/07\/2017_review_yelo-768x704.jpg 768w, https:\/\/backlight.fi\/wp-content\/uploads\/2017\/07\/2017_review_yelo-1024x939.jpg 1024w, https:\/\/backlight.fi\/wp-content\/uploads\/2017\/07\/2017_review_yelo.jpg 1091w\" sizes=\"auto, (max-width: 327px) 100vw, 327px\" \/><figcaption id=\"caption-attachment-2506\" class=\"wp-caption-text\">Mar\u00eda Garc\u00eda Yelo. Photo: Julio C\u00e9sar Gonz\u00e1lez<\/figcaption><\/figure>\n<\/div><div class=\"col-md-4\"><\/div>\n<p><b>Mar\u00eda Garc\u00eda Yelo (ES) <\/b>is representative and Specialist on Modern and Impressionist Art at the renowned international auction house Christie\u2019s. Since 2014 until June 2017, she was the director of PHotoEspa\u00f1a, International Festival of Photography and Visual Arts. With a degree in Art History from the Universidad Complutense in Madrid, Garc\u00eda Yelo was the Director of the Post-War and Contemporary Art department at Christie\u2019s Spain from 2008 until 2013. She was previously the General Deputy Director of Conservation and Research at the Museo Nacional Centro de Arte Reina Sof\u00eda (2005-2008) and Assistant Director of the Museo de Arte Contempor\u00e1neo Esteban Vicente in Segovia (2002-2004). She has served as an independent curator and as an art critic for ABC Cultural, having published various essays and articles on modern and contemporary art. Mar\u00eda Garc\u00eda Yelo is the Artistic Advisor of the 2017 edition of the Prix HSBC pour la Photographie.<\/p>\n<p>&nbsp;<\/p>","protected":false},"excerpt":{"rendered":"<p>Portfolio review at Backlight Photo Festival September 9th 2017 in Tampere, Finland &nbsp; &nbsp; Reviewing experts &nbsp; &nbsp; &nbsp; Mar\u00eda Garc\u00eda Yelo (ES) is representative &hellip;<\/p>","protected":false},"author":8,"featured_media":0,"parent":2101,"menu_order":0,"comment_status":"closed","ping_status":"closed","template":"","meta":{"_monsterinsights_skip_tracking":false,"_monsterinsights_sitenote_active":false,"_monsterinsights_sitenote_note":"","_monsterinsights_sitenote_category":0,"footnotes":""},"class_list":["post-2360","page","type-page","status-publish","hentry"],"_links":{"self":[{"href":"http:\/\/backlight.fi\/fi\/wp-json\/wp\/v2\/pages\/2360","targetHints":{"allow":["GET"]}}],"collection":[{"href":"http:\/\/backlight.fi\/fi\/wp-json\/wp\/v2\/pages"}],"about":[{"href":"http:\/\/backlight.fi\/fi\/wp-json\/wp\/v2\/types\/page"}],"author":[{"embeddable":true,"href":"http:\/\/backlight.fi\/fi\/wp-json\/wp\/v2\/users\/8"}],"replies":[{"embeddable":true,"href":"http:\/\/backlight.fi\/fi\/wp-json\/wp\/v2\/comments?post=2360"}],"version-history":[{"count":22,"href":"http:\/\/backlight.fi\/fi\/wp-json\/wp\/v2\/pages\/2360\/revisions"}],"predecessor-version":[{"id":2622,"href":"http:\/\/backlight.fi\/fi\/wp-json\/wp\/v2\/pages\/2360\/revisions\/2622"}],"up":[{"embeddable":true,"href":"http:\/\/backlight.fi\/fi\/wp-json\/wp\/v2\/pages\/2101"}],"wp:attachment":[{"href":"http:\/\/backlight.fi\/fi\/wp-json\/wp\/v2\/media?parent=2360"}],"curies":[{"name":"wp","href":"https:\/\/api.w.org\/{rel}","templated":true}]}}